{"id":1073,"date":"2014-03-19T16:47:53","date_gmt":"2014-03-19T15:47:53","guid":{"rendered":"https:\/\/www.egce.universite-paris-saclay.fr\/?page_id=1073"},"modified":"2014-03-19T16:47:53","modified_gmt":"2014-03-19T15:47:53","slug":"records","status":"publish","type":"page","link":"https:\/\/www.egce.universite-paris-saclay.fr\/?page_id=1073&lang=en","title":{"rendered":"Records"},"content":{"rendered":"<h2>Archives<\/h2>\n<div>\n<fieldset>\n<legend><b>Colloque Daniel Lachaise<\/b><\/legend>\n<div>\n<div>NB. Inscription n\u00e9cessaire pour le d\u00e9jeuner.Merci d&rsquo;envoyer un mail \u00e0 <a href=\"&#x6d;a&#x69;&#108;&#x74;&#111;:&#x44;o&#x6d;&#105;&#x6e;&#105;q&#x75;&#101;&#x2e;&#74;o&#x6c;y&#x40;&#117;&#x6e;&#105;v&#x65;r&#x73;&#105;&#x74;&#x65;-&#x70;&#97;&#x72;&#105;s&#x2d;s&#x61;&#99;&#x6c;&#97;y&#x2e;&#102;&#x72;?subject=D%C3%A9jeuner%20colloque%20Daniel%20Lachaise\">&#x44;&#x6f;&#x6d;&#x69;&#110;&#105;&#113;&#117;e&#46;J&#x6f;&#x6c;&#x79;&#x40;&#x75;&#110;&#105;&#118;ers&#x69;&#x74;&#x65;&#x2d;&#x70;&#97;&#114;&#105;s-s&#x61;&#x63;&#x6c;&#x61;&#x79;&#46;&#102;&#114;<\/a> indiquant vos coordonn\u00e9es.<\/p>\n<p><img decoding=\"async\" alt=\"Colloque Daniel Lachaise\" src=\"https:\/\/w3\/legs\/Images\/DL-affiche_p1.jpg\" border=\"0\" \/><br \/>\n<img decoding=\"async\" alt=\"Acces Institut Curie\" src=\"https:\/\/w3\/legs\/Images\/acces-Institut-Curie.jpg\" border=\"0\" \/><\/p>\n<\/div>\n<\/div>\n<div>T\u00e9l\u00e9charger le fichier de l&rsquo;affiche au format PDF<br \/>\n<a href=\"https:\/\/w3\/legs\/Images\/Affiche-Colloque-DL-2007.pdf\">Affiche-Colloque-DL-2007.pdf<\/a> (398 kb)<\/div>\n<\/fieldset>\n<\/div>\n<div>\n<fieldset>\n<legend><b>La science en f\u00eate continue<\/b><\/legend>\n<p>Pour ceux qui sont venus nous voir \u00e0 la salle de la terrasse les 14 et 15 octobre, mais aussi pour ceux qui n&rsquo;ont pas pu venir, voil\u00e0 comment faire une extraction d&rsquo;ADN dans votre cuisine ! Il vous suffit de rassembler des pois cass\u00e9s, du liquide vaisselle, du jus d&rsquo;ananas et de l&rsquo;alcool \u00e0 90\u00b0&#8230; sans oublier, bien entendu, la pinc\u00e9e de sel qui fait marcher toutes les manips dans une cuisine !<\/p>\n<p><a href=\"https:\/\/w3\/legs\/Images\/dnaExtract.pdf\"><img decoding=\"async\" alt=\"image 1\" src=\"https:\/\/w3\/legs\/Images\/dnaExtract.jpg\" border=\"0\" \/><\/a><\/p>\n<p><a href=\"https:\/\/w3\/legs\/Images\/DSC02591.jpg\"><img decoding=\"async\" alt=\"image 1\" src=\"https:\/\/w3\/legs\/Images\/DSC02591p.jpg\" border=\"0\" \/><\/a> <a href=\"https:\/\/w3\/legs\/Images\/DSC02602.jpg\"><img decoding=\"async\" alt=\"image 1\" src=\"https:\/\/w3\/legs\/Images\/DSC02602p.jpg\" border=\"0\" \/><\/a><\/fieldset>\n<\/div>\n<div>\n<fieldset>\n<legend><b>7\u00e8me Conf\u00e9rence SICAMM<\/b><\/legend>\n<p>Pour la premi\u00e8re fois en France du 18-22 Septembre 2006 \u00e0 Versailles<\/p>\n<p>Les principaux objectifs de la SICAMM sont la protection et la conservation de l&rsquo;abeille du nord de l&rsquo;Europe ( <b>l&rsquo;abeille noire<\/b> ), repr\u00e9sent\u00e9e par la sous-esp\u00e8ce (ou race g\u00e9ographique) Apis mellifera mellifera. Ces objectifs concernent toutes les formes de cette abeille, en particulier les \u00e9cotypes qui peuvent encore \u00eatre sauv\u00e9s de la disparition. L&rsquo;association SICAMM vise \u00e9galement \u00e0 promouvoir cette abeille et \u00e0 en encourager l&rsquo;\u00e9levage.<\/p>\n<div>\n<div><b>Comit\u00e9 d&rsquo;organisation<\/b>Pr\u00e9sident : Yves LAYEC, membre du Comit\u00e9 ex\u00e9cutif de Sicamm &#8211; &#x59;&#118;e&#x73;&#x2e;&#76;a&#x79;&#x65;&#99;&#64;&#x75;&#x6e;&#105;v&#x2d;&#x62;&#114;e&#x73;&#116;&#46;f&#x72;<br \/>\nVice-pr\u00e9sident : Lionel GARNERY, UVSQ &amp; CNRS &#8211; gar&#110;&#101;&#114;&#x79;&#x40;&#x75;&#x6e;&#x69;&#x76;ers&#105;&#116;&#101;&#45;&#x70;&#x61;&#x72;&#x69;&#x73;&#x2d;sac&#108;&#97;&#121;&#x2e;&#x66;&#x72;<br \/>\nSecr\u00e9taire : G\u00e9rard ARNOLD, CNRS &#8211; arno&#108;&#100;&#64;&#117;&#110;&#105;&#118;&#x65;&#x72;&#x73;&#x69;&#x74;&#x65;&#x2d;&#x70;&#x61;ris-&#115;&#97;&#99;&#108;&#97;&#121;&#46;&#x66;&#x72;<br \/>\nVice-secr\u00e9taire : Michel BOCQUET, ANERCEA &#8211; &#x61;&#x70;&#105;&#109;&#101;d&#x69;&#x61;&#x40;&#97;&#111;l&#46;&#x63;&#x6f;&#x6d;<br \/>\nTr\u00e9sorier : Jean PAUCTON, ANERCEA<br \/>\nVice-tr\u00e9sorier : Agn\u00e8s RORTAIS, CNRS &#8211; rortais&#64;&#117;&#110;&#105;&#118;&#101;&#114;&#115;&#105;&#116;&#101;&#x2d;&#x70;&#x61;&#x72;&#x69;&#x73;&#x2d;&#x73;&#x61;&#x63;&#x6c;&#x61;&#x79;&#x2e;&#x66;r<\/p>\n<\/div>\n<\/div>\n<div>\n<div><b>Pour recevoir plus d&rsquo;informations et le bulletin d&rsquo;inscription, contacter :<\/b>G\u00e9rard ARNOLD<br \/>\nLaboratoire Evolution G\u00e9nomes et Sp\u00e9ciation<br \/>\nCNRS<br \/>\nAvenue de la Terrasse<br \/>\n91198, Gif-sur-Yvette<br \/>\n&#x61;r&#x6e;&#111;&#x6c;&#100;&#64;&#x75;&#110;&#x69;&#118;e&#x72;&#115;&#x69;&#116;e&#x2d;p&#x61;&#114;&#x69;&#x73;-&#x73;&#97;&#x63;&#108;a&#x79;&#46;&#x66;&#114;<\/p>\n<p><a href=\"https:\/\/www.sicamm2006.legs.cnrs-gif.fr\/\">https:\/\/www.sicamm2006.legs.cnrs-gif.fr\/<\/a><\/p>\n<\/div>\n<\/div>\n<\/fieldset>\n<\/div>\n<fieldset>\n<legend><b>Daniel Lachaise<\/b><\/legend>\n<p><img decoding=\"async\" alt=\"Daniel Lachaise\" src=\"https:\/\/w3\/legs\/Images\/Daniel.Lachaise.jpg\" width=\"775\" border=\"0\" \/><\/p>\n<div><b>Daniel Lachaise<\/b> nous a quitt\u00e9s brutalement, \u00e0 59 ans, le 2 juillet.Directeur de recherche au CNRS, il \u00e9tait titulaire de la m\u00e9daille de bronze du CNRS et laur\u00e9at du prix Foulon de l&rsquo;Acad\u00e9mie des Sciences. Guid\u00e9 par L\u00e9onidas Tsacas et Maxime Lamotte, Daniel Lachaise s&rsquo;est d&rsquo;abord r\u00e9v\u00e9l\u00e9 comme un \u00e9cologiste des Drosophilidae des savanes foresti\u00e8res de Lamto. Ce premier s\u00e9jour dans la station de recherche de C\u00f4te d&rsquo;Ivoire fut d\u00e9cisif pour l&rsquo;orientation de ses recherches. Apr\u00e8s son recrutement au CNRS dans le laboratoire d&rsquo;Evolution de Gif-sur-Yvette, alors dirig\u00e9 par Charles Bocquet, Daniel s&rsquo;est r\u00e9solument orient\u00e9 vers la syst\u00e9matique \u00e9volutive et plus particuli\u00e8rement la sp\u00e9ciation des drosophiles. L&rsquo;Afrique est devenue son terrain de pr\u00e9dilection, et il l&rsquo;arpentait avec d\u00e9termination. Dans ses aventures tropicales, il savait associer des sp\u00e9cialistes de domaines vari\u00e9s avec lesquels il organisait tr\u00e8s minutieusement le programme scientifique. Soucieux de reconstituer l&rsquo;histoire de la naissance des esp\u00e8ces, il s&rsquo;attachait certes aux drosophiles mais s&rsquo;int\u00e9ressait \u00e9galement de tr\u00e8s pr\u00e8s \u00e0 l&rsquo;histoire du berceau de l&rsquo;Humanit\u00e9 qu&rsquo;il gardait toujours en toile de fond de ses pr\u00e9occupations scientifiques.<\/p>\n<p>Biosyst\u00e9maticien d\u00e8s les premi\u00e8res ann\u00e9es de sa carri\u00e8re, il \u00e9tait depuis quelques ann\u00e9es Directeur de publication des <i>Annales de la Soci\u00e9t\u00e9 Entomologique de France<\/i> et aujourd&rsquo;hui seul d\u00e9tenteur de l&rsquo;h\u00e9ritage taxonomique sur les Drosophilidae afrotropicaux. Il avait particip\u00e9 au d\u00e9veloppement de l&rsquo;\u00e9cologie \u00e9volutive, discipline qui n&rsquo;avait pas d&rsquo;\u00e9quivalent formalis\u00e9 en France au moment de son s\u00e9jour \u00e0 l&rsquo;Universit\u00e9 de Riverside (Californie) dans les ann\u00e9es 80, et c&rsquo;est dans ce contexte qu&rsquo;il s&rsquo;int\u00e9ressait aux relations entre g\u00e8nes, \u00e9cologie, comportement, adaptation et sp\u00e9ciation. Ardent promoteur de l&rsquo;usage de la syst\u00e9matique dans une perspective \u00e9volutive, il manipulait les donn\u00e9es mol\u00e9culaires aussi facilement que celles ayant trait \u00e0 la morphologie ou \u00e0 la biog\u00e9ographie. L&rsquo;une des questions fondamentales de la biologie de l&rsquo;\u00e9volution est de comprendre quels changements ont contribu\u00e9 directement \u00e0 la sp\u00e9ciation et quels autres se sont accumul\u00e9s apr\u00e8s l&rsquo;\u00e9v\u00e9nement de sp\u00e9ciation. Ainsi, outre l&rsquo;int\u00e9r\u00eat qu&rsquo;il portait \u00e0 la syst\u00e9matique pour elle m\u00eame, elle l&rsquo;int\u00e9ressait en ce qu&rsquo;elle permet de faire le lien entre l&rsquo;\u00e9mergence d&rsquo;innovations \u00e9volutives et leur fixation dans les populations naturelles.<\/p>\n<p>C&rsquo;est avec brio qu&rsquo;associant une excellente connaissance de la phyto- et pal\u00e9og\u00e9ographie de l&rsquo;Afrique intertropicale, acquise au fil de plus de 40 missions dans cette r\u00e9gion, \u00e0 un ensemble de donn\u00e9es biologiques et phylog\u00e9n\u00e9tiques, il avait \u00e9labor\u00e9 puis affin\u00e9 un sc\u00e9nario sur l&rsquo;origine et l&rsquo;histoire \u00e9volutive de l&#8217;embl\u00e9matique <i>Drosophila melanogaster<\/i> et ses esp\u00e8ces s\u0153urs, sc\u00e9nario qui fait autorit\u00e9 dans la communaut\u00e9 scientifique. Il avait r\u00e9cemment formul\u00e9 des hypoth\u00e8ses originales sur le r\u00f4le des \u00ab \u00eeles \u00bb , insulaires et continentales (issues de la fragmentation des for\u00eats de montagne), dans la sp\u00e9ciation des drosophiles. Il s&rsquo;attachait actuellement \u00e0 v\u00e9rifier ces hypoth\u00e8ses dans les situations mod\u00e8les des archipels de l&rsquo;Oc\u00e9an Indien et de la ligne volcanique du Cameroun, deux des centres de sp\u00e9ciation majeurs du sous-groupe <i>melanogaster<\/i>. Guid\u00e9 par ses capacit\u00e9s d&rsquo;analyse et sa lucidit\u00e9, il avait un r\u00e9el talent de d\u00e9couvreur d&rsquo;esp\u00e8ces nouvelles et de situations singuli\u00e8res qui furent \u00e0 l&rsquo;origine d&rsquo;autant de nouveaux programmes de recherche. On lui doit notamment la premi\u00e8re zone hybride connue chez les drosophiles sur l&rsquo;\u00eele de S\u00e3o Tom\u00e9.<\/p>\n<p>Homme de terrain avant tout mais \u00e9galement passionn\u00e9 par l&rsquo;art de l&rsquo;\u00e9criture, il manipulait les styles avec aisance, passant du scientifique \u00e0 la po\u00e9sie avec une facilit\u00e9 d\u00e9concertante. Orateur de talent, il savait captiver son public qu&rsquo;il soit sp\u00e9cialiste ou non. Daniel Lachaise c&rsquo;\u00e9tait aussi un enthousiasme exceptionnel, communicatif, auquel aucun de ceux qui ont eu le privil\u00e8ge de travailler avec lui, ou simplement de croiser son chemin, ne restait insensible. On ne peut \u00e9voquer Daniel sans mentionner son ouverture d&rsquo;esprit et sa g\u00e9n\u00e9rosit\u00e9 qui, sans jamais se d\u00e9partir de la rigueur scientifique qui \u00e9tait la sienne, le conduisait \u00e0 privil\u00e9gier une humanit\u00e9 dans le plus grand respect de l&rsquo;autre.<\/p>\n<p>Nous perdons un homme et un chercheur de grande valeur.<\/p>\n<p>Le laboratoire s&rsquo;associe \u00e0 la famille et vous invite \u00e0 apporter votre t\u00e9moignage de sympathie par courriel \u00e0 cette adresse :<b> <a href=\"m&#97;&#x69;&#x6c;&#x74;o&#58;&#100;&#x61;&#x6e;i&#101;&#108;&#x40;&#x75;ni&#118;&#x65;&#x72;&#x73;i&#116;&#x65;&#x2d;&#x70;a&#114;&#105;&#x73;&#x2d;s&#97;&#99;&#x6c;&#x61;y&#46;&#102;&#x72;\">&#100;&#97;&#x6e;i&#101;&#x6c;&#x40;u&#110;&#x69;&#x76;e&#114;&#x73;i&#116;&#x65;&#x2d;p&#97;&#x72;&#x69;s&#45;&#x73;a&#99;&#x6c;&#x61;y&#46;&#x66;&#x72;<\/a> <\/b><\/p>\n<\/div>\n<\/fieldset>\n","protected":false},"excerpt":{"rendered":"<p>Archives Colloque Daniel Lachaise NB. Inscription n\u00e9cessaire pour le d\u00e9jeuner.Merci d&rsquo;envoyer un mail \u00e0 &#x44;&#111;&#109;&#x69;&#x6e;&#105;&#113;&#x75;&#x65;&#46;&#74;&#x6f;&#x6c;&#121;&#64;&#x75;&#x6e;&#105;&#118;&#x65;&#x72;&#115;&#105;&#x74;&#x65;&#45;&#112;&#x61;&#x72;&#105;&#115;&#x2d;&#x73;&#97;&#99;&#x6c;&#x61;&#121;&#46;&#x66;&#x72; indiquant vos coordonn\u00e9es. T\u00e9l\u00e9charger le fichier de l&rsquo;affiche au format PDF Affiche-Colloque-DL-2007.pdf (398 kb) La science en f\u00eate continue Pour ceux qui sont venus nous voir \u00e0 la salle de la terrasse les 14 et 15 octobre, mais aussi pour [&hellip;]<\/p>\n","protected":false},"author":1,"featured_media":0,"parent":1090,"menu_order":4,"comment_status":"closed","ping_status":"closed","template":"","meta":{"site-sidebar-layout":"default","site-content-layout":"","ast-site-content-layout":"default","site-content-style":"default","site-sidebar-style":"default","ast-global-header-display":"","ast-banner-title-visibility":"","ast-main-header-display":"","ast-hfb-above-header-display":"","ast-hfb-below-header-display":"","ast-hfb-mobile-header-display":"","site-post-title":"","ast-breadcrumbs-content":"","ast-featured-img":"","footer-sml-layout":"","ast-disable-related-posts":"","theme-transparent-header-meta":"","adv-header-id-meta":"","stick-header-meta":"","header-above-stick-meta":"","header-main-stick-meta":"","header-below-stick-meta":"","astra-migrate-meta-layouts":"default","ast-page-background-enabled":"default","ast-page-background-meta":{"desktop":{"background-color":"var(--ast-global-color-4)","background-image":"","background-repeat":"repeat","background-position":"center center","background-size":"auto","background-attachment":"scroll","background-type":"","background-media":"","overlay-type":"","overlay-color":"","overlay-opacity":"","overlay-gradient":""},"tablet":{"background-color":"","background-image":"","background-repeat":"repeat","background-position":"center center","background-size":"auto","background-attachment":"scroll","background-type":"","background-media":"","overlay-type":"","overlay-color":"","overlay-opacity":"","overlay-gradient":""},"mobile":{"background-color":"","background-image":"","background-repeat":"repeat","background-position":"center center","background-size":"auto","background-attachment":"scroll","background-type":"","background-media":"","overlay-type":"","overlay-color":"","overlay-opacity":"","overlay-gradient":""}},"ast-content-background-meta":{"desktop":{"background-color":"var(--ast-global-color-5)","background-image":"","background-repeat":"repeat","background-position":"center center","background-size":"auto","background-attachment":"scroll","background-type":"","background-media":"","overlay-type":"","overlay-color":"","overlay-opacity":"","overlay-gradient":""},"tablet":{"background-color":"var(--ast-global-color-5)","background-image":"","background-repeat":"repeat","background-position":"center center","background-size":"auto","background-attachment":"scroll","background-type":"","background-media":"","overlay-type":"","overlay-color":"","overlay-opacity":"","overlay-gradient":""},"mobile":{"background-color":"var(--ast-global-color-5)","background-image":"","background-repeat":"repeat","background-position":"center center","background-size":"auto","background-attachment":"scroll","background-type":"","background-media":"","overlay-type":"","overlay-color":"","overlay-opacity":"","overlay-gradient":""}},"_themeisle_gutenberg_block_has_review":false,"footnotes":""},"class_list":["post-1073","page","type-page","status-publish","hentry"],"jetpack_sharing_enabled":true,"_links":{"self":[{"href":"https:\/\/www.egce.universite-paris-saclay.fr\/index.php?rest_route=\/wp\/v2\/pages\/1073","targetHints":{"allow":["GET"]}}],"collection":[{"href":"https:\/\/www.egce.universite-paris-saclay.fr\/index.php?rest_route=\/wp\/v2\/pages"}],"about":[{"href":"https:\/\/www.egce.universite-paris-saclay.fr\/index.php?rest_route=\/wp\/v2\/types\/page"}],"author":[{"embeddable":true,"href":"https:\/\/www.egce.universite-paris-saclay.fr\/index.php?rest_route=\/wp\/v2\/users\/1"}],"replies":[{"embeddable":true,"href":"https:\/\/www.egce.universite-paris-saclay.fr\/index.php?rest_route=%2Fwp%2Fv2%2Fcomments&post=1073"}],"version-history":[{"count":0,"href":"https:\/\/www.egce.universite-paris-saclay.fr\/index.php?rest_route=\/wp\/v2\/pages\/1073\/revisions"}],"up":[{"embeddable":true,"href":"https:\/\/www.egce.universite-paris-saclay.fr\/index.php?rest_route=\/wp\/v2\/pages\/1090"}],"wp:attachment":[{"href":"https:\/\/www.egce.universite-paris-saclay.fr\/index.php?rest_route=%2Fwp%2Fv2%2Fmedia&parent=1073"}],"curies":[{"name":"wp","href":"https:\/\/api.w.org\/{rel}","templated":true}]}}